{"id":9792,"date":"2016-11-03T18:17:42","date_gmt":"2016-11-03T18:17:42","guid":{"rendered":"http:\/\/olividros.com.br\/box-para-banheiros\/?page_id=9792"},"modified":"2026-01-07T19:35:18","modified_gmt":"2026-01-07T19:35:18","slug":"janela-de-blindex","status":"publish","type":"page","link":"http:\/\/olividros.com.br\/box-para-banheiros\/janela-de-blindex\/","title":{"rendered":"JANELA DE BLINDEX"},"content":{"rendered":"[vc_row][vc_column][vc_empty_space height=&#8221;30px&#8221;][vc_column_text]\n<h1 style=\"text-align: center;\"><span style=\"color: #0094e0;\"><em><strong>JANELAS DE BLINDEX<\/strong><\/em><\/span><\/h1>\n[\/vc_column_text][vc_empty_space height=&#8221;20px&#8221;][vc_column_text]\n<h2 style=\"text-align: justify;\"><a title=\"janelas de blindex\" href=\"http:\/\/janelasnewtemper.blogspot.com.br\" target=\"_blank\" rel=\"noopener\"><em><strong>JANELAS DE VIDRO TEMPERADO<\/strong><\/em><\/a><\/h2>\n<h2 data-start=\"343\" data-end=\"435\">\ud83e\ude9f Janela de Blindex \/ Janela de Vidro Temperado \u2013 Eleg\u00e2ncia, Seguran\u00e7a e Alto Desempenho<\/h2>\n<p data-start=\"437\" data-end=\"870\">A <strong data-start=\"439\" data-end=\"460\">janela de blindex<\/strong> \u2013 tamb\u00e9m conhecida como <strong data-start=\"485\" data-end=\"514\">janela de vidro temperado<\/strong> \u2013 \u00e9 a escolha ideal para quem busca <strong data-start=\"551\" data-end=\"642\">modernidade, ilumina\u00e7\u00e3o natural, ventila\u00e7\u00e3o eficiente, seguran\u00e7a e valoriza\u00e7\u00e3o est\u00e9tica<\/strong> em ambientes residenciais e comerciais. Com design clean e acabamento premium, nossas janelas unem <strong data-start=\"742\" data-end=\"784\">tecnologia, resist\u00eancia e sofistica\u00e7\u00e3o<\/strong>, transformando qualquer espa\u00e7o em um ambiente mais agrad\u00e1vel, funcional e valorizado.<\/p>\n<p data-start=\"872\" data-end=\"1168\">Produzidas com <strong data-start=\"887\" data-end=\"924\">vidro temperado de alta qualidade<\/strong> e perfis em <strong data-start=\"937\" data-end=\"964\">alum\u00ednio de alto padr\u00e3o<\/strong>, as janelas oferecem <strong data-start=\"986\" data-end=\"1036\">durabilidade, estabilidade e excelente veda\u00e7\u00e3o<\/strong>, sendo perfeitas para salas, quartos, cozinhas, banheiros, escrit\u00f3rios, \u00e1reas gourmet, varandas, fachadas e ambientes corporativos.<\/p>\n<hr data-start=\"1170\" data-end=\"1173\" \/>\n<h2 data-start=\"1175\" data-end=\"1226\">\u2728 O que \u00e9 a Janela de Blindex \/ Vidro Temperado?<\/h2>\n<p data-start=\"1227\" data-end=\"1555\">A janela de blindex \u00e9 composta por <strong data-start=\"1262\" data-end=\"1281\">vidro temperado<\/strong>, um material que passa por tratamento t\u00e9rmico, tornando-se at\u00e9 <strong data-start=\"1345\" data-end=\"1367\">5x mais resistente<\/strong> que o vidro comum. Em caso de quebra, fragmenta-se em pequenos peda\u00e7os, reduzindo riscos de acidentes, o que garante <strong data-start=\"1485\" data-end=\"1507\">seguran\u00e7a superior<\/strong> para resid\u00eancias e estabelecimentos comerciais.<\/p>\n<p data-start=\"1557\" data-end=\"1595\">\u00c9 a solu\u00e7\u00e3o perfeita para quem deseja:<\/p>\n<ul data-start=\"1596\" data-end=\"1733\">\n<li data-start=\"1596\" data-end=\"1625\">\n<p data-start=\"1598\" data-end=\"1625\"><strong data-start=\"1598\" data-end=\"1625\">Mais ilumina\u00e7\u00e3o natural<\/strong><\/p>\n<\/li>\n<li data-start=\"1626\" data-end=\"1652\">\n<p data-start=\"1628\" data-end=\"1652\"><strong data-start=\"1628\" data-end=\"1652\">Ventila\u00e7\u00e3o eficiente<\/strong><\/p>\n<\/li>\n<li data-start=\"1653\" data-end=\"1684\">\n<p data-start=\"1655\" data-end=\"1684\"><strong data-start=\"1655\" data-end=\"1684\">Visual moderno e elegante<\/strong><\/p>\n<\/li>\n<li data-start=\"1685\" data-end=\"1710\">\n<p data-start=\"1687\" data-end=\"1710\"><strong data-start=\"1687\" data-end=\"1710\">Seguran\u00e7a refor\u00e7ada<\/strong><\/p>\n<\/li>\n<li data-start=\"1711\" data-end=\"1733\">\n<p data-start=\"1713\" data-end=\"1733\"><strong data-start=\"1713\" data-end=\"1733\">Baixa manuten\u00e7\u00e3o<\/strong><\/p>\n<\/li>\n<\/ul>\n<hr data-start=\"1735\" data-end=\"1738\" \/>\n<h2 data-start=\"1740\" data-end=\"1792\">\ud83d\udee0\ufe0f Tipos de Janelas de Blindex \/ Vidro Temperado<\/h2>\n<h3 data-start=\"1794\" data-end=\"1838\">\ud83d\udd39 Janela de Correr em Vidro Temperado<\/h3>\n<p data-start=\"1839\" data-end=\"1959\">Sistema pr\u00e1tico, com folhas que deslizam lateralmente. Ideal para quem busca <strong data-start=\"1916\" data-end=\"1958\">economia de espa\u00e7o e facilidade de uso<\/strong>.<\/p>\n<h3 data-start=\"1961\" data-end=\"2017\">\ud83d\udd39 Janela Maxim-Ar (Basculante) em Vidro Temperado<\/h3>\n<p data-start=\"2018\" data-end=\"2131\">Abertura projetada para fora, perfeita para <strong data-start=\"2062\" data-end=\"2104\">banheiros, cozinhas e \u00e1reas de servi\u00e7o<\/strong>, com excelente ventila\u00e7\u00e3o.<\/p>\n<h3 data-start=\"2133\" data-end=\"2178\">\ud83d\udd39 Janela Basculante em Vidro Temperado<\/h3>\n<p data-start=\"2179\" data-end=\"2275\">Cl\u00e1ssica e funcional, permite controle de ventila\u00e7\u00e3o e \u00e9 muito usada em <strong data-start=\"2251\" data-end=\"2274\">ambientes compactos<\/strong>.<\/p>\n<h3 data-start=\"2277\" data-end=\"2316\">\ud83d\udd39 Janela Fixa em Vidro Temperado<\/h3>\n<p data-start=\"2317\" data-end=\"2399\">Indicada para <strong data-start=\"2331\" data-end=\"2398\">fachadas, halls e ambientes que priorizam ilumina\u00e7\u00e3o e est\u00e9tica<\/strong>.<\/p>\n<p data-start=\"2401\" data-end=\"2506\">Todos os modelos podem ser fabricados <strong data-start=\"2439\" data-end=\"2453\">sob medida<\/strong>, de acordo com o projeto e a necessidade do cliente.<\/p>\n<hr data-start=\"2508\" data-end=\"2511\" \/>\n<h2 data-start=\"2513\" data-end=\"2555\">\ud83c\udfe0 Onde a Janela de Blindex \u00e9 Indicada?<\/h2>\n<p data-start=\"2556\" data-end=\"2743\">\u2714 Salas<br data-start=\"2563\" data-end=\"2566\" \/>\u2714 Quartos<br data-start=\"2575\" data-end=\"2578\" \/>\u2714 Cozinhas<br data-start=\"2588\" data-end=\"2591\" \/>\u2714 Banheiros<br data-start=\"2602\" data-end=\"2605\" \/>\u2714 \u00c1reas de servi\u00e7o<br data-start=\"2623\" data-end=\"2626\" \/>\u2714 Varandas<br data-start=\"2636\" data-end=\"2639\" \/>\u2714 Escrit\u00f3rios<br data-start=\"2652\" data-end=\"2655\" \/>\u2714 Cl\u00ednicas e consult\u00f3rios<br data-start=\"2680\" data-end=\"2683\" \/>\u2714 Lojas e com\u00e9rcios<br data-start=\"2702\" data-end=\"2705\" \/>\u2714 Fachadas residenciais e comerciais<\/p>\n<p data-start=\"2745\" data-end=\"2868\">A <strong data-start=\"2747\" data-end=\"2776\">janela de vidro temperado<\/strong> valoriza qualquer ambiente, integrando <strong data-start=\"2816\" data-end=\"2867\">funcionalidade, conforto e design contempor\u00e2neo<\/strong>.<\/p>\n<hr data-start=\"2870\" data-end=\"2873\" \/>\n<h2 data-start=\"2875\" data-end=\"2923\">\ud83d\udc8e Principais Benef\u00edcios da Janela de Blindex<\/h2>\n<p data-start=\"2924\" data-end=\"3176\">\u2728 Alta resist\u00eancia e durabilidade<br data-start=\"2957\" data-end=\"2960\" \/>\u2728 Seguran\u00e7a superior<br data-start=\"2980\" data-end=\"2983\" \/>\u2728 Excelente entrada de luz natural<br data-start=\"3017\" data-end=\"3020\" \/>\u2728 Ventila\u00e7\u00e3o eficiente<br data-start=\"3042\" data-end=\"3045\" \/>\u2728 Est\u00e9tica moderna e clean<br data-start=\"3071\" data-end=\"3074\" \/>\u2728 Valoriza\u00e7\u00e3o imobili\u00e1ria<br data-start=\"3099\" data-end=\"3102\" \/>\u2728 Baixa manuten\u00e7\u00e3o<br data-start=\"3120\" data-end=\"3123\" \/>\u2728 F\u00e1cil limpeza<br data-start=\"3138\" data-end=\"3141\" \/>\u2728 Integra\u00e7\u00e3o visual dos ambientes<\/p>\n<hr data-start=\"3178\" data-end=\"3181\" \/>\n<h2 data-start=\"3183\" data-end=\"3221\">\ud83d\udd12 Seguran\u00e7a e Qualidade Garantidas<\/h2>\n<p data-start=\"3222\" data-end=\"3296\">Utilizamos <strong data-start=\"3233\" data-end=\"3264\">vidro temperado certificado<\/strong>, conforme normas t\u00e9cnicas, com:<\/p>\n<ul data-start=\"3297\" data-end=\"3466\">\n<li data-start=\"3297\" data-end=\"3317\">\n<p data-start=\"3299\" data-end=\"3317\">Bordas lapidadas<\/p>\n<\/li>\n<li data-start=\"3318\" data-end=\"3360\">\n<p data-start=\"3320\" data-end=\"3360\">Espessura adequada para cada aplica\u00e7\u00e3o<\/p>\n<\/li>\n<li data-start=\"3361\" data-end=\"3403\">\n<p data-start=\"3363\" data-end=\"3403\">Perfis em alum\u00ednio de alta resist\u00eancia<\/p>\n<\/li>\n<li data-start=\"3404\" data-end=\"3436\">\n<p data-start=\"3406\" data-end=\"3436\">Sistema de veda\u00e7\u00e3o eficiente<\/p>\n<\/li>\n<li data-start=\"3437\" data-end=\"3466\">\n<p data-start=\"3439\" data-end=\"3466\">Estrutura firme e est\u00e1vel<\/p>\n<\/li>\n<\/ul>\n<p data-start=\"3468\" data-end=\"3593\">Cada janela \u00e9 instalada com <strong data-start=\"3496\" data-end=\"3519\">padr\u00e3o profissional<\/strong>, garantindo <strong data-start=\"3532\" data-end=\"3592\">perfeito funcionamento, seguran\u00e7a e acabamento impec\u00e1vel<\/strong>.<\/p>\n<hr data-start=\"3595\" data-end=\"3598\" \/>\n<h2 data-start=\"3600\" data-end=\"3635\">\ud83d\udcd0 Janelas de Blindex Sob Medida<\/h2>\n<p data-start=\"3636\" data-end=\"3698\">Trabalhamos com <strong data-start=\"3652\" data-end=\"3684\">projetos 100% personalizados<\/strong>, respeitando:<\/p>\n<ul data-start=\"3699\" data-end=\"3834\">\n<li data-start=\"3699\" data-end=\"3724\">\n<p data-start=\"3701\" data-end=\"3724\">Medidas exatas do v\u00e3o<\/p>\n<\/li>\n<li data-start=\"3725\" data-end=\"3761\">\n<p data-start=\"3727\" data-end=\"3761\">Estilo arquitet\u00f4nico do ambiente<\/p>\n<\/li>\n<li data-start=\"3762\" data-end=\"3805\">\n<p data-start=\"3764\" data-end=\"3805\">Necessidades de ventila\u00e7\u00e3o e ilumina\u00e7\u00e3o<\/p>\n<\/li>\n<li data-start=\"3806\" data-end=\"3834\">\n<p data-start=\"3808\" data-end=\"3834\">Padr\u00e3o est\u00e9tico desejado<\/p>\n<\/li>\n<\/ul>\n<p data-start=\"3836\" data-end=\"3967\">Executamos desde <strong data-start=\"3853\" data-end=\"3873\">janelas pequenas<\/strong> at\u00e9 <strong data-start=\"3878\" data-end=\"3906\">grandes v\u00e3os panor\u00e2micos<\/strong>, sempre com <strong data-start=\"3919\" data-end=\"3966\">precis\u00e3o t\u00e9cnica e excel\u00eancia no acabamento<\/strong>.<\/p>\n<hr data-start=\"3969\" data-end=\"3972\" \/>\n<h2 data-start=\"3974\" data-end=\"4006\">\ud83e\uddfc F\u00e1cil Limpeza e Manuten\u00e7\u00e3o<\/h2>\n<p data-start=\"4007\" data-end=\"4063\">As janelas de vidro temperado s\u00e3o pr\u00e1ticas no dia a dia:<\/p>\n<ul data-start=\"4064\" data-end=\"4236\">\n<li data-start=\"4064\" data-end=\"4113\">\n<p data-start=\"4066\" data-end=\"4113\">Limpeza simples com pano e produto para vidro<\/p>\n<\/li>\n<li data-start=\"4114\" data-end=\"4155\">\n<p data-start=\"4116\" data-end=\"4155\">Perfis em alum\u00ednio que n\u00e3o enferrujam<\/p>\n<\/li>\n<li data-start=\"4156\" data-end=\"4195\">\n<p data-start=\"4158\" data-end=\"4195\">Sistema de abertura suave e dur\u00e1vel<\/p>\n<\/li>\n<li data-start=\"4196\" data-end=\"4236\">\n<p data-start=\"4198\" data-end=\"4236\">Apar\u00eancia sempre limpa e sofisticada<\/p>\n<\/li>\n<\/ul>\n<hr data-start=\"4238\" data-end=\"4241\" \/>\n<h2 data-start=\"4243\" data-end=\"4273\">\ud83c\udfd7\ufe0f Ideal para Projetos de:<\/h2>\n<ul data-start=\"4274\" data-end=\"4419\">\n<li data-start=\"4274\" data-end=\"4289\">\n<p data-start=\"4276\" data-end=\"4289\">Arquitetura<\/p>\n<\/li>\n<li data-start=\"4290\" data-end=\"4314\">\n<p data-start=\"4292\" data-end=\"4314\">Design de interiores<\/p>\n<\/li>\n<li data-start=\"4315\" data-end=\"4335\">\n<p data-start=\"4317\" data-end=\"4335\">Constru\u00e7\u00e3o civil<\/p>\n<\/li>\n<li data-start=\"4336\" data-end=\"4361\">\n<p data-start=\"4338\" data-end=\"4361\">Reformas residenciais<\/p>\n<\/li>\n<li data-start=\"4362\" data-end=\"4386\">\n<p data-start=\"4364\" data-end=\"4386\">Retrofit de fachadas<\/p>\n<\/li>\n<li data-start=\"4387\" data-end=\"4419\">\n<p data-start=\"4389\" data-end=\"4419\">Empreendimentos imobili\u00e1rios<\/p>\n<\/li>\n<\/ul>\n<p data-start=\"4421\" data-end=\"4549\">A <strong data-start=\"4423\" data-end=\"4444\">janela de blindex<\/strong> \u00e9 presen\u00e7a constante em projetos modernos por unir <strong data-start=\"4496\" data-end=\"4548\">est\u00e9tica, funcionalidade e valoriza\u00e7\u00e3o do im\u00f3vel<\/strong>.<\/p>\n<hr data-start=\"4551\" data-end=\"4554\" \/>\n<h2 data-start=\"4556\" data-end=\"4606\">\ud83d\udd0d Palavras-Chave Estrat\u00e9gicas Integradas (SEO)<\/h2>\n<p data-start=\"4608\" data-end=\"5168\"><strong data-start=\"4608\" data-end=\"4629\">janela de blindex<\/strong>, <strong data-start=\"4631\" data-end=\"4660\">janela de vidro temperado<\/strong>, <strong data-start=\"4662\" data-end=\"4691\">janela em vidro temperado<\/strong>, <strong data-start=\"4693\" data-end=\"4732\">janela de correr em vidro temperado<\/strong>, <strong data-start=\"4734\" data-end=\"4764\">janela basculante de vidro<\/strong>, <strong data-start=\"4766\" data-end=\"4794\">janela maxim-ar de vidro<\/strong>, <strong data-start=\"4796\" data-end=\"4820\">janela fixa de vidro<\/strong>, <strong data-start=\"4822\" data-end=\"4840\">janela moderna<\/strong>, <strong data-start=\"4842\" data-end=\"4864\">janela residencial<\/strong>, <strong data-start=\"4866\" data-end=\"4886\">janela comercial<\/strong>, <strong data-start=\"4888\" data-end=\"4909\">janela sob medida<\/strong>, <strong data-start=\"4911\" data-end=\"4931\">janela para sala<\/strong>, <strong data-start=\"4933\" data-end=\"4955\">janela para quarto<\/strong>, <strong data-start=\"4957\" data-end=\"4981\">janela para banheiro<\/strong>, <strong data-start=\"4983\" data-end=\"5006\">janela para cozinha<\/strong>, <strong data-start=\"5008\" data-end=\"5033\">janela de alto padr\u00e3o<\/strong>, <strong data-start=\"5035\" data-end=\"5067\">janela de vidro para fachada<\/strong>, <strong data-start=\"5069\" data-end=\"5099\">janela em alum\u00ednio e vidro<\/strong>, <strong data-start=\"5101\" data-end=\"5137\">janela de vidro para apartamento<\/strong>, <strong data-start=\"5139\" data-end=\"5168\">janela de vidro para casa<\/strong><\/p>\n<hr data-start=\"5170\" data-end=\"5173\" \/>\n<h2 data-start=\"5175\" data-end=\"5242\">\ud83c\udf1f Por que escolher nossas Janelas de Blindex \/ Vidro Temperado?<\/h2>\n<p data-start=\"5243\" data-end=\"5495\">Porque entregamos <strong data-start=\"5261\" data-end=\"5354\">qualidade real, materiais de primeira linha, projeto sob medida e instala\u00e7\u00e3o profissional<\/strong>. Cada janela \u00e9 pensada para oferecer <strong data-start=\"5392\" data-end=\"5438\">seguran\u00e7a, beleza, conforto e durabilidade<\/strong>, valorizando seu im\u00f3vel e elevando o padr\u00e3o do ambiente.<\/p>\n<p data-start=\"5497\" data-end=\"5613\">Aqui voc\u00ea n\u00e3o compra apenas uma janela: voc\u00ea investe em <strong data-start=\"5553\" data-end=\"5612\">design, efici\u00eancia, seguran\u00e7a e valoriza\u00e7\u00e3o patrimonial<\/strong>.<\/p>\n<p style=\"text-align: justify;\">Respeitando as normas t\u00e9cnicas as\u00a0<em><span style=\"text-decoration: underline;\"><strong>JANELAS DE VIDRO<\/strong><\/span><\/em>\u00a0devem ser confeccionadas com\u00a0<em><strong><a title=\"vidros blindex\" href=\"http:\/\/www.blindex.com.br\" target=\"_blank\" rel=\"noopener\">VIDRO<\/a>\u00a0TEMPERADO<\/strong><\/em>\u00a0de 08 ou 10 mm de espessura nas cores mais solicitadas incolor, fum\u00ea, verde, bronze e pontilhado, as ferragens e perfis embelezam ainda mais nas cores branco, natural fosco, bronze e preto, alturas padr\u00e3o de janelas dispon\u00edveis: 1,00, 1,20 e 1,50 m.<\/p>\n[\/vc_column_text][vc_empty_space height=&#8221;10px&#8221;][vc_row_inner][vc_column_inner width=&#8221;1\/3&#8243;][vc_column_text]\n<ul>\n<li style=\"text-align: justify;\">Janelas de vidro temperado<b>\u2713<\/b><\/li>\n<li style=\"text-align: justify;\"><i class=\"fa fa-angle-double-right\"><\/i>Janelas de blindex pre\u00e7o<b>\u2713<\/b><\/li>\n<li style=\"text-align: justify;\"><i class=\"fa fa-angle-double-right\"><\/i>Janelas New Temper<b>\u2713<\/b><\/li>\n<li style=\"text-align: justify;\"><i class=\"fa fa-angle-double-right\"><\/i>Janelas de vidro blindex pre\u00e7o<b>\u2713<\/b><\/li>\n<\/ul>\n[\/vc_column_text][\/vc_column_inner][vc_column_inner width=&#8221;1\/3&#8243;][vc_column_text]\n<ul>\n<li style=\"text-align: justify;\">Janelas de vidro temperado pre\u00e7o<b>\u2713<\/b><\/li>\n<li style=\"text-align: justify;\"><i class=\"fa fa-angle-double-right\"><\/i>Janelas de correr pre\u00e7o<b>\u2713<\/b><\/li>\n<li style=\"text-align: justify;\"><i class=\"fa fa-angle-double-right\"><\/i>Pre\u00e7o de janela de vidro temperado<b>\u2713<\/b><\/li>\n<li style=\"text-align: justify;\"><i class=\"fa fa-angle-double-right\"><\/i>Janelas de vidro blindex<b>\u2713<\/b><\/li>\n<\/ul>\n[\/vc_column_text][\/vc_column_inner][vc_column_inner width=&#8221;1\/3&#8243;][vc_column_text]\n<ul>\n<li style=\"text-align: justify;\">Janelas de blindex<b>\u2713<\/b><\/li>\n<li style=\"text-align: justify;\"><i class=\"fa fa-angle-double-right\"><\/i>Janelas de blindex correr<b>\u2713<\/b><\/li>\n<li style=\"text-align: justify;\"><i class=\"fa fa-angle-double-right\"><\/i>Pre\u00e7o de janela blindex<b>\u2713<\/b><\/li>\n<li style=\"text-align: justify;\"><i class=\"fa fa-angle-double-right\"><\/i>Janela vidro blindex<b>\u2713<\/b><\/li>\n<\/ul>\n[\/vc_column_text][\/vc_column_inner][\/vc_row_inner][vc_empty_space height=&#8221;20px&#8221;][vc_gallery type=&#8221;image_grid&#8221; images=&#8221;10588,11088,11089,11090,11091,11092,11093,11094,11095,11096,11097,11098&#8243; img_size=&#8221;full&#8221; column_number=&#8221;4&#8243;][vc_empty_space height=&#8221;20px&#8221;][vc_row_inner][vc_column_inner width=&#8221;1\/4&#8243;][vc_video link=&#8221;https:\/\/www.youtube.com\/watch?v=PLMrp5vNhBg&#8221; title=&#8221;JANELAS DE VIDRO TEMPERADO&#8221;][vc_empty_space height=&#8221;20px&#8221;][\/vc_column_inner][vc_column_inner width=&#8221;1\/4&#8243;][vc_video link=&#8221;https:\/\/www.youtube.com\/watch?v=BoKMw8ccZZE&#8221; title=&#8221;INSTALA\u00c7\u00c3O DE JANELAS PS DO VIDRO&#8221;][vc_empty_space height=&#8221;20px&#8221;][\/vc_column_inner][vc_column_inner width=&#8221;1\/4&#8243;][vc_video link=&#8221;https:\/\/www.youtube.com\/watch?v=oTPe5vXoSK4&#8243; title=&#8221;JANELAS DE VIDRO &#8211; VITROLAR&#8221;][vc_empty_space height=&#8221;20px&#8221;][\/vc_column_inner][vc_column_inner width=&#8221;1\/4&#8243;][vc_video link=&#8221;https:\/\/www.youtube.com\/watch?v=eSQtTDrB3Mo&#8221; title=&#8221;JANELAS VERSATIK BLINDEX&#8221;][vc_empty_space height=&#8221;20px&#8221;][\/vc_column_inner][\/vc_row_inner][\/vc_column][\/vc_row][vc_row][vc_column width=&#8221;1\/4&#8243;][vc_column_text]\n<h2>Solicite um\u00a0Or\u00e7amento<\/h2>\n[\/vc_column_text][vc_single_image image=&#8221;10351&#8243; img_size=&#8221;full&#8221;][vc_empty_space height=&#8221;20px&#8221;][\/vc_column][vc_column width=&#8221;3\/4&#8243;][vc_column_text]\n<h3>Preencha o formul\u00e1rio e logo retornaremos:<\/h3>\n[\/vc_column_text]<div role=\"form\" class=\"wpcf7\" id=\"wpcf7-f8637-o1\" lang=\"pt-BR\" dir=\"ltr\">\n<div class=\"screen-reader-response\"><\/div>\n<form action=\"\/box-para-banheiros\/wp-json\/wp\/v2\/pages\/9792#wpcf7-f8637-o1\" method=\"post\" class=\"wpcf7-form\" novalidate=\"novalidate\">\n<div style=\"display: none;\">\n<input type=\"hidden\" name=\"_wpcf7\" value=\"8637\" \/>\n<input type=\"hidden\" name=\"_wpcf7_version\" value=\"4.2.2\" \/>\n<input type=\"hidden\" name=\"_wpcf7_locale\" value=\"pt_BR\" \/>\n<input type=\"hidden\" name=\"_wpcf7_unit_tag\" value=\"wpcf7-f8637-o1\" \/>\n<input type=\"hidden\" name=\"_wpnonce\" value=\"95ef52f006\" \/>\n<\/div>\n<div class=\"contact_form\">\n<div class=\"two_columns_50_50 clearfix\">\n<div class=\"column1\">\n<div class=\"column_inner\">Nome:\n<p><span class=\"wpcf7-form-control-wrap your-name\"><input type=\"text\" name=\"your-name\" value=\"\" size=\"40\" class=\"wpcf7-form-control wpcf7-text wpcf7-validates-as-required\" aria-required=\"true\" aria-invalid=\"false\" \/><\/span><\/p><\/div>\n<\/div>\n<div class=\"column2\">\n<div class=\"column_inner\">Telefone:\n<p><span class=\"wpcf7-form-control-wrap your-telefone\"><input type=\"text\" name=\"your-telefone\" value=\"\" size=\"40\" class=\"wpcf7-form-control wpcf7-text wpcf7-validates-as-required\" aria-required=\"true\" aria-invalid=\"false\" \/><\/span><\/p><\/div>\n<\/div>\n<\/div>\n<div class=\"two_columns_50_50 clearfix\">Email:\n<p><span class=\"wpcf7-form-control-wrap your-email\"><input type=\"text\" name=\"your-email\" value=\"\" size=\"40\" class=\"wpcf7-form-control wpcf7-text wpcf7-validates-as-required\" aria-required=\"true\" aria-invalid=\"false\" \/><\/span><\/p><\/div>\n<p>Mensagem:<\/p>\n<p><span class=\"wpcf7-form-control-wrap your-message\"><textarea name=\"your-message\" cols=\"40\" rows=\"10\" class=\"wpcf7-form-control wpcf7-textarea wpcf7-validates-as-required\" aria-required=\"true\" aria-invalid=\"false\"><\/textarea><\/span><\/p>\n<p><input type=\"submit\" value=\"Enviar\" class=\"wpcf7-form-control wpcf7-submit qbutton\" \/><\/p>\n<\/div>\n<p style=\"display: none !important;\" class=\"akismet-fields-container\" data-prefix=\"_wpcf7_ak_\"><label>&#916;<textarea name=\"_wpcf7_ak_hp_textarea\" cols=\"45\" rows=\"8\" maxlength=\"100\"><\/textarea><\/label><input type=\"hidden\" id=\"ak_js_1\" name=\"_wpcf7_ak_js\" value=\"231\"\/><script>document.getElementById( \"ak_js_1\" ).setAttribute( \"value\", ( new Date() ).getTime() );<\/script><\/p><div class=\"wpcf7-response-output wpcf7-display-none\"><\/div><\/form><\/div>[\/vc_column][\/vc_row][vc_row][vc_column width=&#8221;1\/2&#8243;][vc_single_image image=&#8221;11121&#8243; img_size=&#8221;1200X200&#8243; onclick=&#8221;custom_link&#8221; link=&#8221;https:\/\/api.whatsapp.com\/send?phone=5521986074647&amp;text=Orcamento%20Vidracaria!&#8221;][\/vc_column][vc_column width=&#8221;1\/2&#8243;][vc_column_text]\n<h1><a href=\"https:\/\/api.whatsapp.com\/send?phone=5521995505345&amp;text=Orcamento%20Vidracaria!\" target=\"_blank\" rel=\"noopener\"><strong>Agilize o seu atendimento\u00a0 \u00a0 \u00a0 \u00a0 \u00a0<span class=\"color_11\"><img decoding=\"async\" loading=\"lazy\" class=\" alignnone\" src=\"https:\/\/static.wixstatic.com\/media\/851e20_66e0591e9e2a4e1790e05bf4949eeb37.png\/v1\/fill\/w_38,h_39,al_c,usm_0.66_1.00_0.01\/851e20_66e0591e9e2a4e1790e05bf4949eeb37.png\" alt=\"\" width=\"52\" height=\"53\" \/>|21| 99550-5345<\/span><\/strong><\/a><\/h1>\n[\/vc_column_text][vc_single_image image=&#8221;12045&#8243; img_size=&#8221;1200&#215;200&#8243; alignment=&#8221;center&#8221; onclick=&#8221;custom_link&#8221; img_link_target=&#8221;_blank&#8221; link=&#8221;https:\/\/api.whatsapp.com\/send?phone=5521995505345&amp;text=Orcamento%20Vidracaria!&#8221; title=&#8221;FALE COM UM ESPECIALISTA&#8221;][\/vc_column][\/vc_row][vc_row][vc_column][vc_empty_space height=&#8221;20px&#8221;][\/vc_column][\/vc_row][vc_row][vc_column][vc_column_text]\n<h1 style=\"text-align: center;\"><a title=\"OR\u00c7AMENTO\" href=\"http:\/\/olividros.com.br\/box-para-banheiros\/orcamento\/\" target=\"_blank\" rel=\"noopener\"><span style=\"color: #0094e0;\"><em><strong>\u00c1REAS DE ATENDIMENTO<\/strong><\/em><\/span><\/a><\/h1>\n[\/vc_column_text][vc_empty_space height=&#8221;10px&#8221;][\/vc_column][\/vc_row][vc_row][vc_column width=&#8221;1\/4&#8243;][vc_column_text]\n<ul>\n<li><strong>Zona Sul:<\/strong>\u00a0<strong>Botafogo<\/strong>, Humait\u00e1, Arpoador,\u00a0<strong>Catete<\/strong>,\u00a0Cosme Velho,\u00a0<strong>Copacabana<\/strong>,\u00a0<strong>Flamengo<\/strong>, G\u00e1vea, Gl\u00f3ria, Ipanema, Jardim Bot\u00e2nico, Lagoa,<strong>\u00a0Laranjeiras<\/strong>, Largo do Machado,\u00a0<strong>Leblon<\/strong>, Leme, S\u00e3o Conrado, Urca.<\/li>\n<\/ul>\n[\/vc_column_text][vc_empty_space height=&#8221;10px&#8221;][vc_column_text]\n<ul>\n<li><strong>Baixada Fluminense<\/strong>:\u00a0S\u00e3o Jo\u00e3o de Meriti, Belford Roxo, Ricardo de Albuquerque, Queimados, Nova Igua\u00e7u,<strong>\u00a0Nil\u00f3polis<\/strong>, Mesquita, Juscelino, Pavuna, Eden, Vilar dos Teles.<\/li>\n<\/ul>\n[\/vc_column_text][\/vc_column][vc_column width=&#8221;1\/2&#8243;][vc_column_text]\n<ul>\n<li><strong>Zona Norte:<\/strong>\u00a0Aboli\u00e7\u00e3o, \u00c1gua Santa, Alto da Boa Vista, Andara\u00ed, Anchieta, Barros Filho, Benfica, Br\u00e1s de Pina, Bento Ribeiro, Bonsucesso,\u00a0<strong>Cachambi<\/strong>,\u00a0Caj\u00fa, Campo Grande, Cascadura, Cavalcante, Col\u00e9gio, Costa Barros, Coelho Neto, Coelho da Rocha, Cordovil, Del Castilho, Encantado, Engenheiro Leal, Engenho da Rainha,\u00a0<strong>Engenho de Dentro<\/strong>, Engenho Novo, Ilha do\u00a0Fund\u00e3o, Jardim Am\u00e9rica, Lins de Vasconcelos, Guadalupe, Graja\u00fa, Higien\u00f3polis,\u00a0Hon\u00f3rio Gurgel,\u00a0<strong>Ilha do Governador,<\/strong>\u00a0<strong>Inhauma<\/strong>,\u00a0<strong>Iraj\u00e1<\/strong>, Madureira, Quintino, Maracan\u00e3, Maria da Gra\u00e7a, Marechal Hermes,\u00a0<strong>M\u00e9ier<\/strong>, Olaria, Oswaldo Cruz, Padre Miguel, Pavuna, Penha, Piedade, Pilares, Ramos, Realengo, Rocha, Rocha Miranda, Riachuelo, Ricardo de Albuquerque, Sampaio, S\u00e3o Francisco Xavier, S\u00e3o Cristov\u00e3o,\u00a0<strong>Tijuca<\/strong>, Todos os Santos, Tom\u00e1s Coelho, Turia\u00e7\u00fa, Vaz Lobo, Vista Alegre, Vicente de Carvalho, Vig\u00e1rio Geral,\u00a0<strong>Vila da Penha<\/strong>,\u00a0<strong>Vila Isabel<\/strong>,\u00a0Campinhos<\/li>\n<\/ul>\n[\/vc_column_text][vc_empty_space height=&#8221;20px&#8221;][\/vc_column][vc_column width=&#8221;1\/4&#8243;][vc_column_text]\n<ul>\n<li><strong>Zona Oeste:<\/strong>\u00a0Anil, Bangu,\u00a0<strong>Barra da Tijuca<\/strong>, Freguesia,\u00a0<strong>Jacarepagu\u00e1<\/strong>, Pechincha,\u00a0<strong>Recreio<\/strong>, Sulacap, Tanque,<strong>\u00a0Taquara<\/strong>, Vargem Grande, Vargem Pequena, Vila Valqueire, Cidade de Deus, Pra\u00e7a Seca.<\/li>\n<\/ul>\n[\/vc_column_text][vc_empty_space height=&#8221;10px&#8221;][vc_column_text]\n<ul>\n<li><strong>Centro:<\/strong>\u00a0Centro,\u00a0<strong>Santa Teresa<\/strong>, Santo Cristo,\u00a0<strong>Rio Comprido<\/strong>, Est\u00e1cio, Catumbi, Riachuelo, Pra\u00e7a da Bandeira.<\/li>\n<\/ul>\n[\/vc_column_text][\/vc_column][\/vc_row]\n","protected":false},"excerpt":{"rendered":"<p>[vc_row][vc_column][vc_empty_space height=&#8221;30px&#8221;][vc_column_text] JANELAS DE BLINDEX [\/vc_column_text][vc_empty_space height=&#8221;20px&#8221;][vc_column_text] JANELAS DE VIDRO TEMPERADO \ud83e\ude9f Janela de Blindex \/ Janela de Vidro Temperado \u2013 Eleg\u00e2ncia, Seguran\u00e7a e Alto Desempenho A janela de blindex \u2013 tamb\u00e9m conhecida como janela de vidro temperado \u2013 \u00e9 a escolha ideal para quem&#8230;<\/p>\n","protected":false},"author":5,"featured_media":0,"parent":0,"menu_order":0,"comment_status":"closed","ping_status":"closed","template":"","meta":[],"_links":{"self":[{"href":"http:\/\/olividros.com.br\/box-para-banheiros\/wp-json\/wp\/v2\/pages\/9792"}],"collection":[{"href":"http:\/\/olividros.com.br\/box-para-banheiros\/wp-json\/wp\/v2\/pages"}],"about":[{"href":"http:\/\/olividros.com.br\/box-para-banheiros\/wp-json\/wp\/v2\/types\/page"}],"author":[{"embeddable":true,"href":"http:\/\/olividros.com.br\/box-para-banheiros\/wp-json\/wp\/v2\/users\/5"}],"replies":[{"embeddable":true,"href":"http:\/\/olividros.com.br\/box-para-banheiros\/wp-json\/wp\/v2\/comments?post=9792"}],"version-history":[{"count":24,"href":"http:\/\/olividros.com.br\/box-para-banheiros\/wp-json\/wp\/v2\/pages\/9792\/revisions"}],"predecessor-version":[{"id":12350,"href":"http:\/\/olividros.com.br\/box-para-banheiros\/wp-json\/wp\/v2\/pages\/9792\/revisions\/12350"}],"wp:attachment":[{"href":"http:\/\/olividros.com.br\/box-para-banheiros\/wp-json\/wp\/v2\/media?parent=9792"}],"curies":[{"name":"wp","href":"https:\/\/api.w.org\/{rel}","templated":true}]}}