{"id":9563,"date":"2016-07-19T04:42:27","date_gmt":"2016-07-19T04:42:27","guid":{"rendered":"http:\/\/olividros.com.br\/box-para-banheiros\/?page_id=9563"},"modified":"2026-01-07T19:29:23","modified_gmt":"2026-01-07T19:29:23","slug":"guarda-corpo","status":"publish","type":"page","link":"http:\/\/olividros.com.br\/box-para-banheiros\/guarda-corpo\/","title":{"rendered":"GUARDA-CORPO"},"content":{"rendered":"[vc_row][vc_column][vc_empty_space height=&#8221;30px&#8221;][vc_column_text]\n<h1 style=\"text-align: center;\"><span style=\"color: #0094e0;\"><em><strong>GUARDA-CORPO<\/strong><\/em><\/span><\/h1>\n[\/vc_column_text][vc_empty_space height=&#8221;20px&#8221;][vc_column_text]\n<h2 style=\"text-align: justify;\"><em><strong><a title=\"GUARDA-CORPO\" href=\"http:\/\/olividros.com.br\/box-para-banheiros\/guarda-corpo\/\">GUARDA CORPO DE VIDRO E ALUM\u00cdNIO<\/a><\/strong><\/em><\/h2>\n<h2 data-start=\"417\" data-end=\"507\">\ud83d\udee1\ufe0f Guarda-Corpo de Vidro e Alum\u00ednio \u2013 Torre ou Bot\u00e3o | Seguran\u00e7a, Design e Alto Padr\u00e3o<\/h2>\n<p data-start=\"509\" data-end=\"885\">O <strong data-start=\"511\" data-end=\"577\">guarda-corpo de vidro e alum\u00ednio com sistema de torre ou bot\u00e3o<\/strong> \u00e9 a escolha ideal para quem busca <strong data-start=\"612\" data-end=\"677\">seguran\u00e7a, sofistica\u00e7\u00e3o, transpar\u00eancia e valoriza\u00e7\u00e3o est\u00e9tica<\/strong> em projetos residenciais e comerciais. Com design moderno e acabamento premium, ele \u00e9 amplamente utilizado em <strong data-start=\"788\" data-end=\"884\">varandas, sacadas, escadas, mezaninos, terra\u00e7os, corredores, decks, \u00e1reas gourmet e fachadas<\/strong>.<\/p>\n<p data-start=\"887\" data-end=\"1085\">Nosso guarda-corpo une <strong data-start=\"910\" data-end=\"949\">vidro temperado de alta resist\u00eancia<\/strong> com <strong data-start=\"954\" data-end=\"994\">estrutura em alum\u00ednio de alto padr\u00e3o<\/strong>, garantindo <strong data-start=\"1007\" data-end=\"1055\">durabilidade, estabilidade e visual elegante<\/strong> em qualquer tipo de ambiente.<\/p>\n<hr data-start=\"1087\" data-end=\"1090\" \/>\n<h2 data-start=\"1092\" data-end=\"1138\">\u2728 O que \u00e9 o Guarda-Corpo de Torre ou Bot\u00e3o?<\/h2>\n<p data-start=\"1139\" data-end=\"1443\">O guarda-corpo de torre ou bot\u00e3o \u00e9 um sistema onde o vidro \u00e9 fixado por <strong data-start=\"1211\" data-end=\"1254\">pinos, bot\u00f5es ou torres em a\u00e7o\/alum\u00ednio<\/strong>, criando um efeito flutuante, leve e extremamente sofisticado. Esse tipo de instala\u00e7\u00e3o \u00e9 muito utilizado em projetos de <strong data-start=\"1375\" data-end=\"1442\">arquitetura contempor\u00e2nea e design de interiores de alto padr\u00e3o<\/strong>.<\/p>\n<p data-start=\"1445\" data-end=\"1483\">\u00c9 a solu\u00e7\u00e3o perfeita para quem deseja:<\/p>\n<ul data-start=\"1484\" data-end=\"1634\">\n<li data-start=\"1484\" data-end=\"1521\">\n<p data-start=\"1486\" data-end=\"1521\">Manter <strong data-start=\"1493\" data-end=\"1521\">vis\u00e3o limpa e panor\u00e2mica<\/strong><\/p>\n<\/li>\n<li data-start=\"1522\" data-end=\"1557\">\n<p data-start=\"1524\" data-end=\"1557\">Garantir <strong data-start=\"1533\" data-end=\"1557\">prote\u00e7\u00e3o e seguran\u00e7a<\/strong><\/p>\n<\/li>\n<li data-start=\"1558\" data-end=\"1592\">\n<p data-start=\"1560\" data-end=\"1592\">Valorizar a est\u00e9tica do ambiente<\/p>\n<\/li>\n<li data-start=\"1593\" data-end=\"1634\">\n<p data-start=\"1595\" data-end=\"1634\">Integrar o espa\u00e7o interno com o externo<\/p>\n<\/li>\n<\/ul>\n<hr data-start=\"1636\" data-end=\"1639\" \/>\n<h2 data-start=\"1641\" data-end=\"1693\">\ud83c\udfe0 Aplica\u00e7\u00f5es do Guarda-Corpo de Vidro e Alum\u00ednio<\/h2>\n<p data-start=\"1694\" data-end=\"1948\">\u2714 Varandas e sacadas<br data-start=\"1714\" data-end=\"1717\" \/>\u2714 Escadas internas e externas<br data-start=\"1746\" data-end=\"1749\" \/>\u2714 Mezaninos<br data-start=\"1760\" data-end=\"1763\" \/>\u2714 Terra\u00e7os e coberturas<br data-start=\"1786\" data-end=\"1789\" \/>\u2714 Corredores e passarelas<br data-start=\"1814\" data-end=\"1817\" \/>\u2714 \u00c1reas gourmet<br data-start=\"1832\" data-end=\"1835\" \/>\u2714 Decks e piscinas<br data-start=\"1853\" data-end=\"1856\" \/>\u2714 Fachadas<br data-start=\"1866\" data-end=\"1869\" \/>\u2714 Ambientes comerciais (shoppings, cl\u00ednicas, escrit\u00f3rios, hot\u00e9is, restaurantes)<\/p>\n<p data-start=\"1950\" data-end=\"2120\">O <strong data-start=\"1952\" data-end=\"1996\">guarda-corpo de vidro com bot\u00e3o ou torre<\/strong> \u00e9 vers\u00e1til e se adapta a diferentes estilos arquitet\u00f4nicos: <strong data-start=\"2057\" data-end=\"2119\">moderno, minimalista, contempor\u00e2neo, industrial e cl\u00e1ssico<\/strong>.<\/p>\n<hr data-start=\"2122\" data-end=\"2125\" \/>\n<h2 data-start=\"2127\" data-end=\"2174\">\ud83d\udee0\ufe0f Estrutura e Materiais de Alto Desempenho<\/h2>\n<h3 data-start=\"2176\" data-end=\"2188\">\ud83d\udd39 Vidro<\/h3>\n<p data-start=\"2189\" data-end=\"2270\">Utilizamos <strong data-start=\"2200\" data-end=\"2231\">vidro temperado ou laminado<\/strong>, conforme necessidade do projeto, com:<\/p>\n<ul data-start=\"2271\" data-end=\"2393\">\n<li data-start=\"2271\" data-end=\"2302\">\n<p data-start=\"2273\" data-end=\"2302\">Alta resist\u00eancia a impactos<\/p>\n<\/li>\n<li data-start=\"2303\" data-end=\"2328\">\n<p data-start=\"2305\" data-end=\"2328\">Seguran\u00e7a certificada<\/p>\n<\/li>\n<li data-start=\"2329\" data-end=\"2349\">\n<p data-start=\"2331\" data-end=\"2349\">Bordas lapidadas<\/p>\n<\/li>\n<li data-start=\"2350\" data-end=\"2393\">\n<p data-start=\"2352\" data-end=\"2393\">Espessura adequada para normas t\u00e9cnicas<\/p>\n<\/li>\n<\/ul>\n<h3 data-start=\"2395\" data-end=\"2410\">\ud83d\udd39 Alum\u00ednio<\/h3>\n<p data-start=\"2411\" data-end=\"2457\">Perfis em <strong data-start=\"2421\" data-end=\"2451\">alum\u00ednio de alta qualidade<\/strong>, com:<\/p>\n<ul data-start=\"2458\" data-end=\"2558\">\n<li data-start=\"2458\" data-end=\"2494\">\n<p data-start=\"2460\" data-end=\"2494\">Excelente resist\u00eancia \u00e0 corros\u00e3o<\/p>\n<\/li>\n<li data-start=\"2495\" data-end=\"2514\">\n<p data-start=\"2497\" data-end=\"2514\">Acabamento fino<\/p>\n<\/li>\n<li data-start=\"2515\" data-end=\"2537\">\n<p data-start=\"2517\" data-end=\"2537\">Longa durabilidade<\/p>\n<\/li>\n<li data-start=\"2538\" data-end=\"2558\">\n<p data-start=\"2540\" data-end=\"2558\">Est\u00e9tica moderna<\/p>\n<\/li>\n<\/ul>\n<h3 data-start=\"2560\" data-end=\"2582\">\ud83d\udd39 Torres \/ Bot\u00f5es<\/h3>\n<p data-start=\"2583\" data-end=\"2638\">Fixadores robustos, com acabamento premium, garantindo:<\/p>\n<ul data-start=\"2639\" data-end=\"2713\">\n<li data-start=\"2639\" data-end=\"2666\">\n<p data-start=\"2641\" data-end=\"2666\">Estabilidade estrutural<\/p>\n<\/li>\n<li data-start=\"2667\" data-end=\"2685\">\n<p data-start=\"2669\" data-end=\"2685\">Fixa\u00e7\u00e3o segura<\/p>\n<\/li>\n<li data-start=\"2686\" data-end=\"2713\">\n<p data-start=\"2688\" data-end=\"2713\">Design limpo e elegante<\/p>\n<\/li>\n<\/ul>\n<hr data-start=\"2715\" data-end=\"2718\" \/>\n<h2 data-start=\"2720\" data-end=\"2783\">\ud83d\udc8e Principais Benef\u00edcios do Guarda-Corpo de Vidro e Alum\u00ednio<\/h2>\n<p data-start=\"2784\" data-end=\"3012\">\u2728 M\u00e1xima seguran\u00e7a<br data-start=\"2802\" data-end=\"2805\" \/>\u2728 Visual leve e sofisticado<br data-start=\"2832\" data-end=\"2835\" \/>\u2728 Integra\u00e7\u00e3o visual dos ambientes<br data-start=\"2868\" data-end=\"2871\" \/>\u2728 Valoriza\u00e7\u00e3o imobili\u00e1ria imediata<br data-start=\"2905\" data-end=\"2908\" \/>\u2728 Alta durabilidade<br data-start=\"2927\" data-end=\"2930\" \/>\u2728 Baixa manuten\u00e7\u00e3o<br data-start=\"2948\" data-end=\"2951\" \/>\u2728 Design contempor\u00e2neo<br data-start=\"2973\" data-end=\"2976\" \/>\u2728 Conformidade com normas t\u00e9cnicas<\/p>\n<hr data-start=\"3014\" data-end=\"3017\" \/>\n<h2 data-start=\"3019\" data-end=\"3057\">\ud83d\udd12 Seguran\u00e7a e Conformidade T\u00e9cnica<\/h2>\n<p data-start=\"3058\" data-end=\"3203\">Todos os nossos <strong data-start=\"3074\" data-end=\"3100\">guarda-corpos de vidro<\/strong> s\u00e3o produzidos e instalados seguindo rigorosamente as <strong data-start=\"3155\" data-end=\"3190\">normas de seguran\u00e7a e qualidade<\/strong>, garantindo:<\/p>\n<ul data-start=\"3204\" data-end=\"3324\">\n<li data-start=\"3204\" data-end=\"3221\">\n<p data-start=\"3206\" data-end=\"3221\">Fixa\u00e7\u00e3o firme<\/p>\n<\/li>\n<li data-start=\"3222\" data-end=\"3243\">\n<p data-start=\"3224\" data-end=\"3243\">Estrutura est\u00e1vel<\/p>\n<\/li>\n<li data-start=\"3244\" data-end=\"3285\">\n<p data-start=\"3246\" data-end=\"3285\">Vidros adequados \u00e0 fun\u00e7\u00e3o de prote\u00e7\u00e3o<\/p>\n<\/li>\n<li data-start=\"3286\" data-end=\"3324\">\n<p data-start=\"3288\" data-end=\"3324\">Tranquilidade total para o usu\u00e1rio<\/p>\n<\/li>\n<\/ul>\n<p data-start=\"3326\" data-end=\"3415\">Ideal para resid\u00eancias, condom\u00ednios, pr\u00e9dios comerciais e empreendimentos de alto padr\u00e3o.<\/p>\n<hr data-start=\"3417\" data-end=\"3420\" \/>\n<h2 data-start=\"3422\" data-end=\"3451\">\ud83d\udcd0 Guarda-Corpo Sob Medida<\/h2>\n<p data-start=\"3452\" data-end=\"3508\">Cada projeto \u00e9 <strong data-start=\"3467\" data-end=\"3494\">desenvolvido sob medida<\/strong>, respeitando:<\/p>\n<ul data-start=\"3509\" data-end=\"3661\">\n<li data-start=\"3509\" data-end=\"3536\">\n<p data-start=\"3511\" data-end=\"3536\">Medidas exatas do local<\/p>\n<\/li>\n<li data-start=\"3537\" data-end=\"3557\">\n<p data-start=\"3539\" data-end=\"3557\">Altura normativa<\/p>\n<\/li>\n<li data-start=\"3558\" data-end=\"3609\">\n<p data-start=\"3560\" data-end=\"3609\">Tipo de fixa\u00e7\u00e3o (torre, bot\u00e3o, base ou lateral)<\/p>\n<\/li>\n<li data-start=\"3610\" data-end=\"3634\">\n<p data-start=\"3612\" data-end=\"3634\">Estilo arquitet\u00f4nico<\/p>\n<\/li>\n<li data-start=\"3635\" data-end=\"3661\">\n<p data-start=\"3637\" data-end=\"3661\">Necessidade do cliente<\/p>\n<\/li>\n<\/ul>\n<p data-start=\"3663\" data-end=\"3791\">Executamos desde pequenos trechos at\u00e9 <strong data-start=\"3701\" data-end=\"3734\">grandes extens\u00f5es panor\u00e2micas<\/strong>, sempre com <strong data-start=\"3747\" data-end=\"3790\">precis\u00e3o t\u00e9cnica e acabamento impec\u00e1vel<\/strong>.<\/p>\n<hr data-start=\"3793\" data-end=\"3796\" \/>\n<h2 data-start=\"3798\" data-end=\"3830\">\ud83e\uddfc F\u00e1cil Limpeza e Manuten\u00e7\u00e3o<\/h2>\n<p data-start=\"3831\" data-end=\"3878\">O guarda-corpo de vidro \u00e9 extremamente pr\u00e1tico:<\/p>\n<ul data-start=\"3879\" data-end=\"4029\">\n<li data-start=\"3879\" data-end=\"3928\">\n<p data-start=\"3881\" data-end=\"3928\">Limpeza simples com pano e produto para vidro<\/p>\n<\/li>\n<li data-start=\"3929\" data-end=\"3988\">\n<p data-start=\"3931\" data-end=\"3988\">Fixadores e perfis com acabamento que n\u00e3o ret\u00e9m sujeira<\/p>\n<\/li>\n<li data-start=\"3989\" data-end=\"4029\">\n<p data-start=\"3991\" data-end=\"4029\">Apar\u00eancia sempre limpa e sofisticada<\/p>\n<\/li>\n<\/ul>\n<hr data-start=\"4031\" data-end=\"4034\" \/>\n<h2 data-start=\"4036\" data-end=\"4066\">\ud83c\udfd7\ufe0f Ideal para Projetos de:<\/h2>\n<ul data-start=\"4067\" data-end=\"4212\">\n<li data-start=\"4067\" data-end=\"4082\">\n<p data-start=\"4069\" data-end=\"4082\">Arquitetura<\/p>\n<\/li>\n<li data-start=\"4083\" data-end=\"4107\">\n<p data-start=\"4085\" data-end=\"4107\">Design de interiores<\/p>\n<\/li>\n<li data-start=\"4108\" data-end=\"4128\">\n<p data-start=\"4110\" data-end=\"4128\">Constru\u00e7\u00e3o civil<\/p>\n<\/li>\n<li data-start=\"4129\" data-end=\"4154\">\n<p data-start=\"4131\" data-end=\"4154\">Reformas residenciais<\/p>\n<\/li>\n<li data-start=\"4155\" data-end=\"4179\">\n<p data-start=\"4157\" data-end=\"4179\">Retrofit de fachadas<\/p>\n<\/li>\n<li data-start=\"4180\" data-end=\"4212\">\n<p data-start=\"4182\" data-end=\"4212\">Empreendimentos imobili\u00e1rios<\/p>\n<\/li>\n<\/ul>\n<p data-start=\"4214\" data-end=\"4365\">O <strong data-start=\"4216\" data-end=\"4260\">guarda-corpo de vidro com torre ou bot\u00e3o<\/strong> \u00e9 presen\u00e7a constante em projetos de alto n\u00edvel por unir <strong data-start=\"4317\" data-end=\"4364\">seguran\u00e7a, est\u00e9tica e valoriza\u00e7\u00e3o do espa\u00e7o<\/strong>.<\/p>\n<hr data-start=\"4367\" data-end=\"4370\" \/>\n<h2 data-start=\"4372\" data-end=\"4422\">\ud83d\udd0d Palavras-Chave:<\/h2>\n<p data-start=\"4424\" data-end=\"5032\"><strong data-start=\"4424\" data-end=\"4449\">guarda-corpo de vidro<\/strong>, <strong data-start=\"4451\" data-end=\"4487\">guarda corpo de vidro e alum\u00ednio<\/strong>, <strong data-start=\"4489\" data-end=\"4515\">guarda-corpo com torre<\/strong>, <strong data-start=\"4517\" data-end=\"4543\">guarda-corpo com bot\u00e3o<\/strong>, <strong data-start=\"4545\" data-end=\"4574\">guarda-corpo para varanda<\/strong>, <strong data-start=\"4576\" data-end=\"4604\">guarda-corpo para sacada<\/strong>, <strong data-start=\"4606\" data-end=\"4634\">guarda-corpo para escada<\/strong>, <strong data-start=\"4636\" data-end=\"4671\">guarda-corpo de vidro temperado<\/strong>, <strong data-start=\"4673\" data-end=\"4707\">guarda-corpo de vidro laminado<\/strong>, <strong data-start=\"4709\" data-end=\"4733\">guarda-corpo moderno<\/strong>, <strong data-start=\"4735\" data-end=\"4763\">guarda-corpo residencial<\/strong>, <strong data-start=\"4765\" data-end=\"4791\">guarda-corpo comercial<\/strong>, <strong data-start=\"4793\" data-end=\"4820\">guarda-corpo sob medida<\/strong>, <strong data-start=\"4822\" data-end=\"4852\">guarda-corpo para mezanino<\/strong>, <strong data-start=\"4854\" data-end=\"4883\">guarda-corpo para terra\u00e7o<\/strong>, <strong data-start=\"4885\" data-end=\"4919\">guarda-corpo para \u00e1rea gourmet<\/strong>, <strong data-start=\"4921\" data-end=\"4952\">guarda-corpo de alto padr\u00e3o<\/strong>, <strong data-start=\"4954\" data-end=\"4988\">guarda-corpo de vidro com pino<\/strong>, <strong data-start=\"4990\" data-end=\"5032\">guarda-corpo de vidro fixado por bot\u00e3o<\/strong><\/p>\n<hr data-start=\"5034\" data-end=\"5037\" \/>\n<h2 data-start=\"5039\" data-end=\"5101\">\ud83c\udf1f Por que escolher nosso Guarda-Corpo de Vidro e Alum\u00ednio?<\/h2>\n<p data-start=\"5102\" data-end=\"5322\">Porque entregamos <strong data-start=\"5120\" data-end=\"5218\">projeto sob medida, materiais de primeira linha, instala\u00e7\u00e3o profissional e acabamento superior<\/strong>. Cada guarda-corpo \u00e9 pensado para oferecer <strong data-start=\"5262\" data-end=\"5321\">seguran\u00e7a real, est\u00e9tica refinada e m\u00e1xima durabilidade<\/strong>.<\/p>\n<p data-start=\"5324\" data-end=\"5407\">Aqui voc\u00ea investe em <strong data-start=\"5345\" data-end=\"5406\">prote\u00e7\u00e3o, valoriza\u00e7\u00e3o do im\u00f3vel e impacto visual positivo<\/strong>.<\/p>\n<p>&nbsp;<\/p>\n<p style=\"text-align: justify;\">O Guarda Corpo de <a title=\"BOX BLINDEX\" href=\"http:\/\/WWW.BLINDEX.COM.BR\" target=\"_blank\" rel=\"noopener\">vidro<\/a> temperado est\u00e1 em grande evid\u00eancia nos projetos de arquitetura devido \u00e0 sua transpar\u00eancia trazendo modernidade, sofistica\u00e7\u00e3o e leveza aos ambientes.<\/p>\n<p style=\"text-align: justify;\">Trabalhamos com diversos modelos, sempre tomando cuidado em atender todas as normas de seguran\u00e7a.<\/p>\n<p style=\"text-align: justify;\">Quanto a aplica\u00e7\u00e3o de vidro temperado em guarda-corpos ou corrim\u00e3os, o projeto deve atender \u00e0s normas: \u201c<em><strong>Guarda-corpo para edifica\u00e7\u00e3o<\/strong><\/em>\\&#8221; (ABNT NBR14718), no caso de <a title=\"guarda corpo\" href=\"https:\/\/www.google.com.br\/url?sa=t&amp;rct=j&amp;q=&amp;esrc=s&amp;source=web&amp;cd=14&amp;cad=rja&amp;uact=8&amp;ved=0ahUKEwjEofP52rbTAhUBPiYKHZE0C-YQtwIIajAN&amp;url=https%3A%2F%2Fwww.youtube.com%2Fwatch%3Fv%3Du9m2YV9RENE&amp;usg=AFQjCNEZpWT5u_cltpPhxqzuJwV135PBVQ&amp;sig2=3jvBdetqJCprXTUth6crpQ\" target=\"_blank\" rel=\"noopener\">guarda-corpos<\/a> com utiliza\u00e7\u00e3o de vidros temperados, a recomenda\u00e7\u00e3o \u00e9 que o <a title=\"BOX NEW TEMPER\" href=\"http:\/\/WWW.NEWTEMPER.COM.BR\" target=\"_blank\" rel=\"noopener\">vidro<\/a> seja tamb\u00e9m laminado, potencializando assim o aspecto de seguran\u00e7a do material.<\/p>\n<p>&nbsp;<\/p>\n<p style=\"text-align: justify;\">S\u00e3o utilizados vidros temperados 06, 08,10 ou 12 mm para modelos com corrim\u00e3o em alum\u00ednio (pintura eletrost\u00e1tica) ou ainda sistema Gradil, vidros laminados para modelos onde os vidros podem ficar encaixilhados, Aplica\u00e7\u00e3o em varandas, sacadas, terra\u00e7os, coberturas e jardins, altura padr\u00e3o: 1000 mm (Do piso at\u00e9 o peitoril do guarda corpo).<\/p>\n[\/vc_column_text][vc_empty_space height=&#8221;10px&#8221;][vc_row_inner][vc_column_inner width=&#8221;1\/2&#8243;][vc_column_text]\n<ul>\n<li style=\"text-align: justify;\"><i class=\"fa fa-angle-double-right\"><\/i> Seguran\u00e7a para sua fam\u00edlia<b>\u2713<\/b><\/li>\n<li style=\"text-align: justify;\"><i class=\"fa fa-angle-double-right\"><\/i> Servi\u00e7o 100% profissional<b>\u2713<\/b><\/li>\n<li style=\"text-align: justify;\"><i class=\"fa fa-angle-double-right\"><\/i> Vidros com qualidade New Temper<b>\u2713<\/b><\/li>\n<li style=\"text-align: justify;\"><i class=\"fa fa-angle-double-right\"><\/i> Chumbadores colados com cola especial<b>\u2713<\/b><\/li>\n<li style=\"text-align: justify;\"><i class=\"fa fa-angle-double-right\"><\/i> Perfis com pintura eletrost\u00e1tica<b>\u2713<\/b><\/li>\n<li style=\"text-align: justify;\"><i class=\"fa fa-angle-double-right\"><\/i> Vidro Temperado 06 a 10 mm, liso, impresso, serigrafado ou refletivo<b>\u2713<\/b><\/li>\n<li style=\"text-align: justify;\"><i class=\"fa fa-angle-double-right\"><\/i> Em caso de quebra, produz fragmentos menos cortantes (ABNT NBR 14698)<b>\u2713<\/b><\/li>\n<\/ul>\n[\/vc_column_text][\/vc_column_inner][vc_column_inner width=&#8221;1\/2&#8243;][vc_column_text]\n<ul>\n<li style=\"text-align: justify;\"><i class=\"fa fa-angle-double-right\"><\/i> Dispon\u00edvel nas cores: verde, incolor, cinza e bronze<b>\u2713<\/b><\/li>\n<li style=\"text-align: justify;\"><i class=\"fa fa-angle-double-right\"><\/i> Serigrafias (pintura em esmalte cer\u00e2mico): fosco, branco, preto, azul e salm\u00e3o<b>\u2713<\/b><\/li>\n<li style=\"text-align: justify;\"><i class=\"fa fa-angle-double-right\"><\/i> Guarda-corpos de vidro temperadoem oferta<b>\u2713<\/b><\/li>\n<li style=\"text-align: justify;\"><i class=\"fa fa-angle-double-right\"><\/i> Guarda-corpo com vidro laminado<b>\u2713<\/b><\/li>\n<li style=\"text-align: justify;\"><i class=\"fa fa-angle-double-right\"><\/i> Guarda corpo com alum\u00ednio e vidro<b>\u2713<\/b><\/li>\n<li style=\"text-align: justify;\"><i class=\"fa fa-angle-double-right\"><\/i> Guarda corpo de blindex<b>\u2713<\/b><\/li>\n<li style=\"text-align: justify;\"><i class=\"fa fa-angle-double-right\"><\/i> Guarda corpo de vidro pre\u00e7o<b>\u2713<\/b><\/li>\n<\/ul>\n[\/vc_column_text][\/vc_column_inner][\/vc_row_inner][vc_empty_space height=&#8221;20px&#8221;][vc_gallery type=&#8221;image_grid&#8221; images=&#8221;10111,10113,10114,10115,10116,10117,10118,10119,10120,10121,10713,10715&#8243; img_size=&#8221;full&#8221; column_number=&#8221;4&#8243;][vc_empty_space height=&#8221;20px&#8221;][vc_row_inner][vc_column_inner width=&#8221;1\/3&#8243;][vc_video link=&#8221;https:\/\/www.youtube.com\/watch?v=oM5He6f7AFQ&#8221; title=&#8221;GUARDA CORPO DE VIDRO TEMPERADO&#8221;][vc_empty_space height=&#8221;20px&#8221;][\/vc_column_inner][vc_column_inner width=&#8221;1\/3&#8243;][vc_video link=&#8221;https:\/\/www.youtube.com\/watch?v=u9m2YV9RENE&#8221; title=&#8221;GUARDA CORPO DE VIDRO PRE\u00c7O&#8221;][vc_empty_space height=&#8221;20px&#8221;][\/vc_column_inner][vc_column_inner width=&#8221;1\/3&#8243;][vc_video link=&#8221;https:\/\/www.youtube.com\/watch?v=3myf-IVP8xY&#8221; title=&#8221;GUARDA CORPO BLINDEX&#8221;][vc_empty_space height=&#8221;20px&#8221;][\/vc_column_inner][\/vc_row_inner][vc_row_inner][vc_column_inner width=&#8221;1\/2&#8243;][vc_single_image image=&#8221;11121&#8243; img_size=&#8221;1200&#215;200&#8243; onclick=&#8221;custom_link&#8221; img_link_target=&#8221;_blank&#8221; link=&#8221;https:\/\/api.whatsapp.com\/send?phone=5521986074647&amp;text=Orcamento%20Vidracaria!&#8221;][\/vc_column_inner][vc_column_inner width=&#8221;1\/2&#8243;][vc_column_text]\n<h1><a href=\"https:\/\/api.whatsapp.com\/send?phone=5521995505345&amp;text=Orcamento%20Vidracaria!\" target=\"_blank\" rel=\"noopener\"><strong>Agilize o seu atendimento\u00a0 \u00a0 \u00a0 \u00a0 \u00a0<span class=\"color_11\"><img decoding=\"async\" loading=\"lazy\" class=\" alignnone\" src=\"https:\/\/static.wixstatic.com\/media\/851e20_66e0591e9e2a4e1790e05bf4949eeb37.png\/v1\/fill\/w_38,h_39,al_c,usm_0.66_1.00_0.01\/851e20_66e0591e9e2a4e1790e05bf4949eeb37.png\" alt=\"\" width=\"52\" height=\"53\" \/>|21| 99550-5345<\/span><\/strong><\/a><\/h1>\n[\/vc_column_text][vc_single_image image=&#8221;12045&#8243; img_size=&#8221;1200&#215;200&#8243; alignment=&#8221;center&#8221; onclick=&#8221;custom_link&#8221; img_link_target=&#8221;_blank&#8221; link=&#8221;https:\/\/api.whatsapp.com\/send?phone=5521995505345&amp;text=Orcamento%20Vidracaria!&#8221; title=&#8221;FALE COM UM ESPECIALISTA&#8221;][\/vc_column_inner][\/vc_row_inner][vc_empty_space height=&#8221;15px&#8221;][\/vc_column][\/vc_row][vc_row][vc_column width=&#8221;1\/2&#8243;][vc_column_text]\n<h2>Solicite um\u00a0Or\u00e7amento<\/h2>\n[\/vc_column_text][vc_single_image image=&#8221;10351&#8243;][vc_empty_space height=&#8221;20px&#8221;][\/vc_column][vc_column width=&#8221;1\/2&#8243;][vc_column_text]\n<h3>Preencha o formul\u00e1rio e logo retornaremos:<\/h3>\n[\/vc_column_text]<div role=\"form\" class=\"wpcf7\" id=\"wpcf7-f8637-o1\" lang=\"pt-BR\" dir=\"ltr\">\n<div class=\"screen-reader-response\"><\/div>\n<form action=\"\/box-para-banheiros\/wp-json\/wp\/v2\/pages\/9563#wpcf7-f8637-o1\" method=\"post\" class=\"wpcf7-form\" novalidate=\"novalidate\">\n<div style=\"display: none;\">\n<input type=\"hidden\" name=\"_wpcf7\" value=\"8637\" \/>\n<input type=\"hidden\" name=\"_wpcf7_version\" value=\"4.2.2\" \/>\n<input type=\"hidden\" name=\"_wpcf7_locale\" value=\"pt_BR\" \/>\n<input type=\"hidden\" name=\"_wpcf7_unit_tag\" value=\"wpcf7-f8637-o1\" \/>\n<input type=\"hidden\" name=\"_wpnonce\" value=\"95ef52f006\" \/>\n<\/div>\n<div class=\"contact_form\">\n<div class=\"two_columns_50_50 clearfix\">\n<div class=\"column1\">\n<div class=\"column_inner\">Nome:\n<p><span class=\"wpcf7-form-control-wrap your-name\"><input type=\"text\" name=\"your-name\" value=\"\" size=\"40\" class=\"wpcf7-form-control wpcf7-text wpcf7-validates-as-required\" aria-required=\"true\" aria-invalid=\"false\" \/><\/span><\/p><\/div>\n<\/div>\n<div class=\"column2\">\n<div class=\"column_inner\">Telefone:\n<p><span class=\"wpcf7-form-control-wrap your-telefone\"><input type=\"text\" name=\"your-telefone\" value=\"\" size=\"40\" class=\"wpcf7-form-control wpcf7-text wpcf7-validates-as-required\" aria-required=\"true\" aria-invalid=\"false\" \/><\/span><\/p><\/div>\n<\/div>\n<\/div>\n<div class=\"two_columns_50_50 clearfix\">Email:\n<p><span class=\"wpcf7-form-control-wrap your-email\"><input type=\"text\" name=\"your-email\" value=\"\" size=\"40\" class=\"wpcf7-form-control wpcf7-text wpcf7-validates-as-required\" aria-required=\"true\" aria-invalid=\"false\" \/><\/span><\/p><\/div>\n<p>Mensagem:<\/p>\n<p><span class=\"wpcf7-form-control-wrap your-message\"><textarea name=\"your-message\" cols=\"40\" rows=\"10\" class=\"wpcf7-form-control wpcf7-textarea wpcf7-validates-as-required\" aria-required=\"true\" aria-invalid=\"false\"><\/textarea><\/span><\/p>\n<p><input type=\"submit\" value=\"Enviar\" class=\"wpcf7-form-control wpcf7-submit qbutton\" \/><\/p>\n<\/div>\n<p style=\"display: none !important;\" class=\"akismet-fields-container\" data-prefix=\"_wpcf7_ak_\"><label>&#916;<textarea name=\"_wpcf7_ak_hp_textarea\" cols=\"45\" rows=\"8\" maxlength=\"100\"><\/textarea><\/label><input type=\"hidden\" id=\"ak_js_1\" name=\"_wpcf7_ak_js\" value=\"72\"\/><script>document.getElementById( \"ak_js_1\" ).setAttribute( \"value\", ( new Date() ).getTime() );<\/script><\/p><div class=\"wpcf7-response-output wpcf7-display-none\"><\/div><\/form><\/div>[\/vc_column][\/vc_row][vc_row][vc_column][vc_column_text]\n<h1 style=\"text-align: center;\"><a title=\"OR\u00c7AMENTO\" href=\"http:\/\/olividros.com.br\/box-para-banheiros\/orcamento\/\" target=\"_blank\" rel=\"noopener\"><span style=\"color: #0094e0;\"><em><strong>\u00c1REAS DE ATENDIMENTO<\/strong><\/em><\/span><\/a><\/h1>\n[\/vc_column_text][vc_empty_space height=&#8221;10px&#8221;][\/vc_column][\/vc_row][vc_row][vc_column width=&#8221;1\/4&#8243;][vc_column_text]\n<ul>\n<li><strong>Zona Sul:<\/strong>\u00a0<strong>Botafogo<\/strong>, Humait\u00e1, Arpoador, <strong>Catete<\/strong>,\u00a0Cosme Velho, <strong>Copacabana<\/strong>,\u00a0<strong>Flamengo<\/strong>, G\u00e1vea, Gl\u00f3ria, Ipanema, Jardim Bot\u00e2nico, Lagoa,<strong> Laranjeiras<\/strong>, Largo do Machado, <strong>Leblon<\/strong>, Leme, S\u00e3o Conrado, Urca.<\/li>\n<\/ul>\n[\/vc_column_text][vc_empty_space height=&#8221;10px&#8221;][vc_column_text]\n<ul>\n<li><strong>Baixada Fluminense<\/strong>:\u00a0S\u00e3o Jo\u00e3o de Meriti, Belford Roxo, Ricardo de Albuquerque, Queimados, Nova Igua\u00e7u,<strong> Nil\u00f3polis<\/strong>, Mesquita, Juscelino, Pavuna, \u00c9den, Vilar dos Teles.<\/li>\n<\/ul>\n[\/vc_column_text][\/vc_column][vc_column width=&#8221;1\/2&#8243;][vc_column_text]\n<ul>\n<li><strong>Zona Norte:<\/strong> Aboli\u00e7\u00e3o, \u00c1gua Santa, Alto da Boa Vista, Andara\u00ed, Anchieta, Barros Filho, Benfica, Br\u00e1s de Pina, Bento Ribeiro, Bonsucesso,\u00a0<strong>Cachambi<\/strong>,\u00a0Caj\u00fa, Campo Grande, Cascadura, Cavalcante, Col\u00e9gio, Costa Barros, Coelho Neto, Coelho da Rocha, Cordovil, Del Castilho, Encantado, Engenheiro Leal, Engenho da Rainha, <strong>Engenho de Dentro<\/strong>, Engenho Novo, Ilha do\u00a0Fund\u00e3o, Jardim Am\u00e9rica, Lins de Vasconcelos, Guadalupe, Graja\u00fa, Higien\u00f3polis,\u00a0Hon\u00f3rio Gurgel, <strong>Ilha do Governador,<\/strong>\u00a0<strong>Inhauma<\/strong>, <strong>Iraj\u00e1<\/strong>, Madureira, Quintino, Maracan\u00e3, Maria da Gra\u00e7a, Marechal Hermes,\u00a0<strong>M\u00e9ier<\/strong>, Olaria, Oswaldo Cruz, Padre Miguel, Pavuna, Penha, Piedade, Pilares, Ramos, Realengo, Rocha, Rocha Miranda, Riachuelo, Ricardo de Albuquerque, Sampaio, S\u00e3o Francisco Xavier, S\u00e3o Cristov\u00e3o,\u00a0<strong>Tijuca<\/strong>, Todos os Santos, Tom\u00e1s Coelho, Turia\u00e7\u00fa, Vaz Lobo, Vista Alegre, Vicente de Carvalho, Vig\u00e1rio Geral,\u00a0<strong>Vila da Penha<\/strong>, <strong>Vila Isabel<\/strong>,\u00a0Campinhos<\/li>\n<\/ul>\n[\/vc_column_text][vc_empty_space height=&#8221;20px&#8221;][\/vc_column][vc_column width=&#8221;1\/4&#8243;][vc_column_text]\n<ul>\n<li><strong>Zona Oeste:<\/strong> Anil, Bangu,\u00a0<strong>Barra da Tijuca<\/strong>, Freguesia, <strong>Jacarepagu\u00e1<\/strong>, Pechincha, <strong>Recreio<\/strong>, Sulacap, Tanque,<strong> Taquara<\/strong>, Vargem Grande, Vargem Pequena, Vila Valqueire, Cidade de Deus, Pra\u00e7a Seca.<\/li>\n<\/ul>\n[\/vc_column_text][vc_empty_space height=&#8221;10px&#8221;][vc_column_text]\n<ul>\n<li><strong>Centro:<\/strong> Centro, <strong>Santa Teresa<\/strong>, Santo Cristo, <strong>Rio Comprido<\/strong>, Est\u00e1cio, Catumbi, Riachuelo, Pra\u00e7a da Bandeira.<\/li>\n<\/ul>\n[\/vc_column_text][\/vc_column][\/vc_row][vc_row][vc_column][vc_facebook][\/vc_column][\/vc_row]\n","protected":false},"excerpt":{"rendered":"<p>[vc_row][vc_column][vc_empty_space height=&#8221;30px&#8221;][vc_column_text] GUARDA-CORPO [\/vc_column_text][vc_empty_space height=&#8221;20px&#8221;][vc_column_text] GUARDA CORPO DE VIDRO E ALUM\u00cdNIO \ud83d\udee1\ufe0f Guarda-Corpo de Vidro e Alum\u00ednio \u2013 Torre ou Bot\u00e3o | Seguran\u00e7a, Design e Alto Padr\u00e3o O guarda-corpo de vidro e alum\u00ednio com sistema de torre ou bot\u00e3o \u00e9 a escolha ideal para quem&#8230;<\/p>\n","protected":false},"author":5,"featured_media":0,"parent":0,"menu_order":0,"comment_status":"closed","ping_status":"closed","template":"","meta":[],"_links":{"self":[{"href":"http:\/\/olividros.com.br\/box-para-banheiros\/wp-json\/wp\/v2\/pages\/9563"}],"collection":[{"href":"http:\/\/olividros.com.br\/box-para-banheiros\/wp-json\/wp\/v2\/pages"}],"about":[{"href":"http:\/\/olividros.com.br\/box-para-banheiros\/wp-json\/wp\/v2\/types\/page"}],"author":[{"embeddable":true,"href":"http:\/\/olividros.com.br\/box-para-banheiros\/wp-json\/wp\/v2\/users\/5"}],"replies":[{"embeddable":true,"href":"http:\/\/olividros.com.br\/box-para-banheiros\/wp-json\/wp\/v2\/comments?post=9563"}],"version-history":[{"count":29,"href":"http:\/\/olividros.com.br\/box-para-banheiros\/wp-json\/wp\/v2\/pages\/9563\/revisions"}],"predecessor-version":[{"id":12349,"href":"http:\/\/olividros.com.br\/box-para-banheiros\/wp-json\/wp\/v2\/pages\/9563\/revisions\/12349"}],"wp:attachment":[{"href":"http:\/\/olividros.com.br\/box-para-banheiros\/wp-json\/wp\/v2\/media?parent=9563"}],"curies":[{"name":"wp","href":"https:\/\/api.w.org\/{rel}","templated":true}]}}